{"id":1077,"date":"2021-03-04T15:52:39","date_gmt":"2021-03-04T15:52:39","guid":{"rendered":"https:\/\/nachtartkeil.de\/?page_id=1077"},"modified":"2024-08-21T19:12:27","modified_gmt":"2024-08-21T19:12:27","slug":"foto-blog","status":"publish","type":"page","link":"https:\/\/nachtartkeil.de\/?page_id=1077","title":{"rendered":"Foto-Blog"},"content":{"rendered":"<h1>Foto-Blog<\/h1>\n<h3><span style=\"color: #ffffff;\"><em>Foto-Neuigkeiten * Foto-Szene * Infos von und f\u00fcr Foto-Interessierte<\/em><\/span><\/h3>\n<div class=\"su-spacer\" style=\"height:15px\"><\/div>\n<p><!-- =======================================Feld=============================================== --><\/p>\n<table>\n<tbody>\n<tr class=\"blogtit\">\n<td width=\"2\"><\/td>\n<td width=\"500\">\n<h2>40 Jahre FWL<\/h2>\n<\/td>\n<td width=\"2\"><\/td>\n<\/tr>\n<tr class=\"blogtab\">\n<td width=\"2\"><\/td>\n<td style=\"vertical-align: top;\" width=\"500\">\n<div style=\"position: relative; top: 12px;\">\n<p><a href=\"http:\/\/www.fwl-fotoclub.de\"><img loading=\"lazy\" decoding=\"async\" class=\"size-full wp-image-1457 alignleft\" style=\"float: left;\" src=\"https:\/\/nachtartkeil.de\/wp-content\/uploads\/2024\/08\/aufm_40_j_fwl.jpg\" alt=\"\" width=\"250\" height=\"150\" vspace=\"3\" \/><\/a><\/p>\n<h3 style=\"clear: right;\">Jubil\u00e4um Fotoclub Weilburg-Limburg<\/h3>\n<p id=\"dattxt\">21|08|24<\/p>\n<p>Der Fotoclub Weilburg-Limburg wird 40 Jahre alt und l\u00e4dt alle Foto-Interessierten zur Jubil\u00e4umsausstellung herzlich ein. Ausgestellt werden verschiedenen Themen von eindrucksvoller Dokumentation bis zur inspirierenden Fotokomposition &#8211; ca. 50 ausgesuchte Fotografien werden im kreativen Umfeld des Kunstmuseums Rosenhang,\u00a0 Arh\u00e4user Weg 8-10, in 35781 Weilburg pr\u00e4sentiert. <div class=\"su-spacer\" style=\"height:15px\"><\/div>\n<\/div>\n<p>Der FWL war dreimal Landesclubmeister und hat f\u00fcnf Fotografinnen\/Fotografen in seinen Reihen, die vom Deutschen Verband f\u00fcr Fotografie (DVF) zum Landesmeister gek\u00fcrt wurden. <strong>2021<\/strong> zeichnete der Fotoweltverband FIAP den FWL als einen der 21 besten Fotoclubs weltweit mit einer Goldmedaille aus.<\/p>\n<p>Der Eintritt zur Ausstellung des FWL ist frei &#8211; separater Raum im Erdgeschoss. Wer Interesse an erfolgreicher Fotografie und interaktiven Austausch hat, ist als Mitglied beim FWL herzlich willkommen. Zur Ausstellung vom 28.09. &#8211; 06.10.2024, je 10:00 &#8211; 18:00 Uhr (au\u00dfer montags) und besonders zur Vernissage am 27.09.24 17:00 Uhr mit kleiner Verk\u00f6stigung wird herzlich eingeladen [RGK]<a href=\"https:\/\/www.fwl-fotoclub.de\"> (Link)<\/a>.<\/p>\n<div class=\"su-spacer\" style=\"height:5px\"><\/div><\/td>\n<td valign=\"top\" width=\"2\"><\/td>\n<\/tr>\n<\/tbody>\n<\/table>\n<p><!-- =======================================Feld=============================================== --><br \/>\n<div class=\"su-spacer\" style=\"height:7px\"><\/div>\n<table>\n<tbody>\n<tr class=\"blogtit\">\n<td width=\"2\"><\/td>\n<td width=\"500\">\n<h2>Photokina nun Photobia<\/h2>\n<\/td>\n<td width=\"2\"><\/td>\n<\/tr>\n<tr class=\"blogtab\">\n<td width=\"2\"><\/td>\n<td style=\"vertical-align: top;\" width=\"500\">\n<div style=\"position: relative; top: 12px;\">\n<p><img loading=\"lazy\" decoding=\"async\" class=\"size-full wp-image-1457 alignleft\" style=\"float: left;\" src=\"https:\/\/nachtartkeil.de\/wp-content\/uploads\/2021\/03\/photobia_hh.jpg\" alt=\"\" width=\"250\" height=\"150\" vspace=\"3\" \/><\/p>\n<h3 style=\"clear: right;\">Das Mekka der Fotografie wechselt nach Hamburg<\/h3>\n<p id=\"dattxt\">18|03|21<\/p>\n<p>Die Tr\u00e4nen der Fotografen waren noch nicht trocken \u00fcber das Aus der traditionellen und etablierten PHOTOKINA, da kam zwei Wochen sp\u00e4ter die tr\u00f6stende Super-Nachricht aus Hamburg. Die Hamburg Messe und Congress GmbH veranstaltet vom 23. bis 26. September die PHOTOPIA als Nachfolge-Veranstaltung und zieht die Fotografen in die Elbmetropole.<\/p>\n<div class=\"su-expand su-expand-collapsed su-expand-link-style-default\" data-height=\"45\"><div class=\"su-expand-content su-u-trim\" style=\"color:#cccccc;max-height:45px;overflow:hidden\">\n<p style=\"clear: left;\">Die ebenfalls j\u00e4hrlich geplante Messe kommt in einem Dreiklang daher: Der Teil \u201ePHOTOPIA Summit\u201c stellt neue Produkte und Dienstleistungen \u201ein einer inspirierenden Umgebung\u201c dar &#8211; wir sind gespannt. Unter dem Begriff \u201ePHOTOPIA Festival\u201c sind Ausstellungen und Mitmach-Aktionen wie Workshops und Fotospazierg\u00e4nge im Stadtgebiet Hamburgs geplant. Mit \u201ePHOTOPIA 365\u201c soll eine neue Online-Plattform zum Austausch und zur Information unter den Fotointeressierten dienen. Hier werden m.E. die Trends deutlich, die K\u00f6ln in letzter Zeit etwas unterbelichtet lie\u00df, den Mitmach- und Erlebnisanteil und die digitale Unterst\u00fctzung. Das klingt hoffnungsvoll und zukunftsorientiert.<\/p>\n<p>PHOTOPIA Hamburg soll ein einzigartiges Happening der Fotografie und Videografie werden, versprechen die Veranstalter. Sie wollen die Fotografie &#8211; warum das nun verangliziert &#8222;Faszination des Imagings&#8220; hei\u00dft? &#8211; in einem begeisternden Festival erlebbar machen. Die viert\u00e4gige Messe bietet angeblich magische R\u00e4ume zum Ausprobieren neuer kreativer Ideen und Ger\u00e4te, schafft vielf\u00e4ltige M\u00f6glichkeiten des Austauschs \u2013 vom Experten-Know-how vor Ort bis hin zu umfangreichen Online-Inhalten auf der Community-Plattform. So hei\u00dft es auf der Veranstalter Seite<a href=\"https:\/\/www.photopia-hamburg.com\/\"> (Link)<\/a>.<\/p>\n<h3>Zielgruppen &#8211; Smartphone-Nutzer willkommen<\/h3>\n<p>Sowohl B2B-Zielgruppen, wie H\u00e4ndler, Profi-Fotografen, Agenturen als auch B2C-Endkunden, wie Semi-Profis, Hobby-Fotografen und K\u00fcnstler werden angesprochen. Smartphone-Fotografen werden besonders erw\u00e4hnt &#8211; das ist zukunftstr\u00e4chtig &#8211; hier entwickelt sich der Markt. Da hat Hamburg wohl mehr das Ohr am Kunden als K\u00f6ln bisher.<\/p>\n<h3>Kreative Synergien mit dem Reeperbahnfestival<\/h3>\n<p>Die Millionenstadt Hamburg bietet als Standort f\u00fcr die PHOTOPIA einen attraktiven Rahmen, da zeitgleich (zuf\u00e4llig?) das Reeperbahnfestival, Europas gr\u00f6\u00dftes Clubfestival, stattfindet. Hier lassen sich spannende Motive einfangen; es k\u00f6nnen Kontakte mit jungen Besuchergruppen entstehen. Workshops zum Thema Konzert-Fotografie, Ausstellungen in einem Festival Village auf dem Heiligengeistfeld und weitere Programmpunkte stehen bereits fest. [RGK]\n<\/div><div class=\"su-expand-link su-expand-link-more\" style=\"text-align:left\"><a href=\"javascript:;\" style=\"color:#b7a5f5;border-color:#b7a5f5\"><span style=\"border-color:#b7a5f5\">Mehr anzeigen<\/span><\/a><\/div><div class=\"su-expand-link su-expand-link-less\" style=\"text-align:left\"><a href=\"javascript:;\" style=\"color:#b7a5f5;border-color:#b7a5f5\"><span style=\"border-color:#b7a5f5\">Weniger anzeigen<\/span><\/a><\/div><\/div>\n<div class=\"su-spacer\" style=\"height:5px\"><\/div>\n<\/div>\n<\/td>\n<td valign=\"top\" width=\"2\"><\/td>\n<\/tr>\n<\/tbody>\n<\/table>\n<p><!-- =======================================Feld=============================================== --><br \/>\n<div class=\"su-spacer\" style=\"height:7px\"><\/div>\n<table>\n<tbody>\n<tr class=\"blogtit\">\n<td width=\"2\"><\/td>\n<td width=\"500\">\n<h2>Dateiformat f\u00fcr Fotos?<\/h2>\n<\/td>\n<td width=\"2\"><\/td>\n<\/tr>\n<tr class=\"blogtab\">\n<td width=\"2\"><\/td>\n<td style=\"vertical-align: top;\" width=\"500\">\n<div style=\"position: relative; top: 12px;\">\n<p><img loading=\"lazy\" decoding=\"async\" class=\"size-full wp-image-1568 alignleft\" style=\"float: left;\" src=\"https:\/\/nachtartkeil.de\/wp-content\/uploads\/2021\/03\/frag_form-1.jpg\" alt=\"\" width=\"250\" height=\"150\" vspace=\"3\" \/><\/p>\n<h3 style=\"clear: right;\">Die g\u00e4ngisten Formate f\u00fcr Fotos leicht erkl\u00e4rt<\/h3>\n<p id=\"dattxt\">09|03|21<\/p>\n<p>Die Manchmal steht man schon etwas ratlos davor. Welches Dateiformat nehme ich jetzt f\u00fcr welches Bild? Jetzt wollen wir mal etwas Licht ins Dunkel bringen. Die wichtigsten Dateiformat sind:<br \/>\n<strong> <span style=\"margin-left: 33px;\"> <span style=\"color: #b7a5f7;\">JPG \u00a0 \u00a0TIF \u00a0 \u00a0PNG \u00a0 \u00a0GIF \u00a0 \u00a0RAW \u00a0\u00a0DNG <\/span><\/span><\/strong><\/p>\n<p>&nbsp;<\/p>\n<div class=\"su-expand su-expand-collapsed su-expand-link-style-default\" data-height=\"60\"><div class=\"su-expand-content su-u-trim\" style=\"color:#cccccc;max-height:60px;overflow:hidden\">\n<h3>JPG<\/h3>\n<p>ist der Standard; hier kann man erstmal nichts falsch machen. Wer sich nicht gro\u00df das Thema k\u00fcmmern will, legt alles in JPG ab und kann jetzt weiter klicken. JPG oder auch JPEG ist ein komprimiertes Format, das relativ wenig Speicherplatz ben\u00f6tigt bei &#8211; f\u00fcr den normalen Gebrauch &#8211; akzeptabler Bildqualit\u00e4t. JPG kann keine Transparenzen (wird durch wei\u00df ersetzt) und ist auf Farbtiefe von 8 Bit beschr\u00e4nkt. JPG ist nach wie vor auch der Standard im Netz, allerdings ist man bem\u00fcht noch speicherg\u00fcnstigere Formate zu entwickeln, wie WebP oder JPEG2000. Wegen der hohen Verbreitung von JPG wird das noch etliche Jahre dauern bis sich ein neuer Standard durchgesetzt hat. Bei hohen Kompressionsraten (Handy) l\u00e4sst die Qualit\u00e4t zu w\u00fcnschen \u00fcbrig.<\/p>\n<h3>TIF<\/h3>\n<p>oder auch TIFF ist ein normal nicht komprimiertes, verlustfreies Format mit hoher Bildqualit\u00e4t. Es kann hohe Farbtiefen (16 Bit und h\u00f6her), Ebenen und Transparenzen speichern und eignet sich zum Archivieren von bearbeiteten Dateien in hoher Qualit\u00e4t. Im Gegensatz zu den firmenspezifischen RAW-Formaten, ist TIF von fast allen Bildprogrammen lesbar und sehr universell. Nachteil ist der hohe Speicherbedarf; Qualit\u00e4t hat seinen Preis.<\/p>\n<h3>PNG<\/h3>\n<p>ist wenig verbreitet, braucht mehr Speicher als JPG und hat nicht die Qualit\u00e4t von TIF. PNG-Dateien haben einen gro\u00dfen Vorteil, f\u00fcr den sie fast auschlie\u00dflich Anwendung finden, das ist die Transparenz. Wenn man im Web-Design Bilder mit tranzparenten Anteilen ben\u00f6tigt, kommt man an PNG nicht vorbei.<\/p>\n<h3>GIF<\/h3>\n<p>hat eine St\u00e4rke, das ist die Animation. GIF-Bilder k\u00f6nnen animiert werden als wenn ein kleiner Film in einer Endlosschleife l\u00e4uft. Der Speicherplatz von GIF-Dateien ist gering. Die Dateien k\u00f6nnen nur 256 Farben darstellen; f\u00fcr Grafiken reicht das meist f\u00fcr Fotografien ist das Format ungeeignet.<\/p>\n<h3>RAW<\/h3>\n<p>ist die Bezeichnung f\u00fcr Original-Dateien, wie sie hochwertige Kameras erzeugen k\u00f6nnen. Insbesondere Profis und engagierte Amateure nutzen dieses Format, da es nicht oder kaum destruktiv komprimiert ist. Da jeder Hersteller sein eigenes RAW-&#8222;S\u00fcppchen&#8220; kocht, sind die verschieden RAW-Dateien nicht kompatibel. RAW-Dateien bieten die h\u00f6chste Qualit\u00e4t bei hohem Speicherbedarf. Gegen\u00fcber JPG-Dateien kann der Speicherbedarf das 10 bis 100-fache betragen. Wenn man ein Bild bearbeitet hat, ist RAW mit normalen Mitteln nicht mehr m\u00f6glich und nicht mehr sinnvoll, da es keine Ebenen speichern kann.<\/p>\n<h3>DNG<\/h3>\n<p>Das DNG-Format ist ein RAW-Typ, den ADOBE als Standard und Alternative zu den vielen firmenspezifischen Typen entwickelt hat. F\u00fcr den Nutzer h\u00e4tte das Vorteile, doch die gro\u00dfen wie CANON und NIKON bleiben bei Ihren eigenen Formaten; LEICA ist hier benutzerfreundlich und verwendet DNG als RAW-Format in seinen Kameras. DNG ist in sich viel kompatibler als normale RAW-Dateien, da der Standard sich kaum \u00e4ndert und z.B. neue DNG-Dateien mit alten DNG-f\u00e4higen Programmen gelesen werden k\u00f6nnen. Die RAW-Dateien der gro\u00dfen Hersteller sind bei unterschiedlich alten Kameras kaum kompatibel. [RGK]\n<\/div><div class=\"su-expand-link su-expand-link-more\" style=\"text-align:left\"><a href=\"javascript:;\" style=\"color:#b7a5f5;border-color:#b7a5f5\"><span style=\"border-color:#b7a5f5\">Mehr anzeigen<\/span><\/a><\/div><div class=\"su-expand-link su-expand-link-less\" style=\"text-align:left\"><a href=\"javascript:;\" style=\"color:#b7a5f5;border-color:#b7a5f5\"><span style=\"border-color:#b7a5f5\">Weniger anzeigen<\/span><\/a><\/div><\/div>\n<div class=\"su-spacer\" style=\"height:5px\"><\/div>\n<\/div>\n<\/td>\n<td valign=\"top\" width=\"2\"><\/td>\n<\/tr>\n<\/tbody>\n<\/table>\n","protected":false},"excerpt":{"rendered":"<p>Foto-Blog Foto-Neuigkeiten * Foto-Szene * Infos von und f\u00fcr Foto-Interessierte 40 Jahre FWL Jubil\u00e4um Fotoclub Weilburg-Limburg 21|08|24 Der Fotoclub Weilburg-Limburg wird 40 Jahre alt und l\u00e4dt alle Foto-Interessierten zur Jubil\u00e4umsausstellung herzlich ein. Ausgestellt werden verschiedenen Themen von eindrucksvoller Dokumentation bis zur inspirierenden Fotokomposition &#8211; ca. 50 ausgesuchte Fotografien werden im kreativen Umfeld des Kunstmuseums Rosenhang,\u00a0 &hellip;<\/p>\n<p class=\"read-more\"> <a class=\"\" href=\"https:\/\/nachtartkeil.de\/?page_id=1077\"> <span class=\"screen-reader-text\">Foto-Blog<\/span> Weiterlesen &raquo;<\/a><\/p>\n","protected":false},"author":1,"featured_media":0,"parent":0,"menu_order":0,"comment_status":"closed","ping_status":"closed","template":"","meta":{"_monsterinsights_skip_tracking":false,"_monsterinsights_sitenote_active":false,"_monsterinsights_sitenote_note":"","_monsterinsights_sitenote_category":0,"footnotes":""},"class_list":["post-1077","page","type-page","status-publish","hentry"],"_links":{"self":[{"href":"https:\/\/nachtartkeil.de\/index.php?rest_route=\/wp\/v2\/pages\/1077","targetHints":{"allow":["GET"]}}],"collection":[{"href":"https:\/\/nachtartkeil.de\/index.php?rest_route=\/wp\/v2\/pages"}],"about":[{"href":"https:\/\/nachtartkeil.de\/index.php?rest_route=\/wp\/v2\/types\/page"}],"author":[{"embeddable":true,"href":"https:\/\/nachtartkeil.de\/index.php?rest_route=\/wp\/v2\/users\/1"}],"replies":[{"embeddable":true,"href":"https:\/\/nachtartkeil.de\/index.php?rest_route=%2Fwp%2Fv2%2Fcomments&post=1077"}],"version-history":[{"count":477,"href":"https:\/\/nachtartkeil.de\/index.php?rest_route=\/wp\/v2\/pages\/1077\/revisions"}],"predecessor-version":[{"id":1805,"href":"https:\/\/nachtartkeil.de\/index.php?rest_route=\/wp\/v2\/pages\/1077\/revisions\/1805"}],"wp:attachment":[{"href":"https:\/\/nachtartkeil.de\/index.php?rest_route=%2Fwp%2Fv2%2Fmedia&parent=1077"}],"curies":[{"name":"wp","href":"https:\/\/api.w.org\/{rel}","templated":true}]}}